{"id":2018,"date":"2022-11-17T16:40:17","date_gmt":"2022-11-17T16:40:17","guid":{"rendered":"https:\/\/mueblesitalianos.com\/site\/?post_type=product&#038;p=2018"},"modified":"2023-01-17T19:47:21","modified_gmt":"2023-01-17T19:47:21","slug":"detecma-seat","status":"publish","type":"product","link":"https:\/\/mueblesitalianos.com\/site\/producto\/detecma-seat\/","title":{"rendered":"Detecma Seat"},"content":{"rendered":"<p>Detecma es un acr\u00f3nimo de Dise\u00f1o, T\u00e9cnica y Matem\u00e1ticas. Estos tres valores se unieron por primera vez en 1967, a\u00f1o en que el profesor de f\u00edsica Tullio Regge, reconocido como uno de los pensadores cient\u00edficos m\u00e1s influyentes del siglo XX, transform\u00f3 una funci\u00f3n cuartica matem\u00e1tica en un volumen con caracter\u00edsticas intencionalmente ergon\u00f3micas. Fue un evento \u00e9pico al que Gufram decidi\u00f3 rendir homenaje poniendo nuevamente en producci\u00f3n un asiento que ha revolucionado la historia del dise\u00f1o a trav\u00e9s de su enfoque de planificaci\u00f3n.<\/p>\n","protected":false},"excerpt":{"rendered":"<p>Detecma es un acr\u00f3nimo de Dise\u00f1o, T\u00e9cnica y Matem\u00e1ticas.<\/p>\n","protected":false},"featured_media":2019,"template":"","meta":{"_joinchat":[]},"product_cat":[23],"product_tag":[],"class_list":{"0":"post-2018","1":"product","2":"type-product","3":"status-publish","4":"has-post-thumbnail","6":"product_cat-gufram-collection","7":"pa_color-blue","8":"pa_color-ochre","9":"pa_color-red","10":"pa_color-yellow","12":"first","13":"outofstock","14":"shipping-taxable","15":"product-type-variable"},"aioseo_notices":[],"_links":{"self":[{"href":"https:\/\/mueblesitalianos.com\/site\/wp-json\/wp\/v2\/product\/2018","targetHints":{"allow":["GET"]}}],"collection":[{"href":"https:\/\/mueblesitalianos.com\/site\/wp-json\/wp\/v2\/product"}],"about":[{"href":"https:\/\/mueblesitalianos.com\/site\/wp-json\/wp\/v2\/types\/product"}],"wp:featuredmedia":[{"embeddable":true,"href":"https:\/\/mueblesitalianos.com\/site\/wp-json\/wp\/v2\/media\/2019"}],"wp:attachment":[{"href":"https:\/\/mueblesitalianos.com\/site\/wp-json\/wp\/v2\/media?parent=2018"}],"wp:term":[{"taxonomy":"product_cat","embeddable":true,"href":"https:\/\/mueblesitalianos.com\/site\/wp-json\/wp\/v2\/product_cat?post=2018"},{"taxonomy":"product_tag","embeddable":true,"href":"https:\/\/mueblesitalianos.com\/site\/wp-json\/wp\/v2\/product_tag?post=2018"}],"curies":[{"name":"wp","href":"https:\/\/api.w.org\/{rel}","templated":true}]}}